{"id":93,"date":"2017-10-17T11:56:24","date_gmt":"2017-10-17T11:56:24","guid":{"rendered":"http:\/\/concepcionpn.archimadrid.es\/?page_id=93"},"modified":"2025-01-17T08:04:19","modified_gmt":"2025-01-17T08:04:19","slug":"horarios-general","status":"publish","type":"page","link":"https:\/\/concepcionpn.archimadrid.es\/?page_id=93","title":{"rendered":"Horarios"},"content":{"rendered":"<table border=\"0\" width=\"100%\" cellspacing=\"3\" cellpadding=\"5\">\n<tbody>\n<tr>\n<td rowspan=\"3\" valign=\"top\" bgcolor=\"#DDDCDC\">\n<p><u>HORARIO <\/u><strong style=\"font-size: inherit; font-family: inherit; background-color: #ffffff;\"><u>DE MISAS<\/u><\/strong><\/p>\n<p align=\"center\"><strong>INVIERNO <\/strong><strong>(D\u00eda 16 de Septiembre al 30 de\u00a0 Junio)<\/strong><br \/><u>Laborables:<\/u> Ma\u00f1ana: 11 h. Tarde:\u00a0\u00a0\u00a0 19 h.<br \/><u>S\u00e1bados y V\u00edsperas de Fiestas:<\/u><br \/>Ma\u00f1ana: 11 h. \u00a0\u00a0\u00a0\u00a0\u00a0 Tarde:\u00a0\u00a0\u00a0 19h.<br \/><u>Domingos y festivos:<\/u><br \/>Ma\u00f1ana: 10, 11, 12, 13 h. Tarde: 19h<br \/><u>Funerales<\/u>:\u00a0 (Se solicitan en la Sacrist\u00eda)<br \/><strong>VERANO <\/strong><strong>(Desde el 1 de Julio hasta el 15 de Septiembre)<\/strong><br \/><u>Laborables:<\/u> \u00a0\u00a0\u00a0 Ma\u00f1ana: 11 h. \u00a0 Tarde:\u00a0\u00a0\u00a0 20 h.<br \/><u>S\u00e1bados y V\u00edsperas de Fiestas:<\/u><br \/>Ma\u00f1ana: 11 h.\u00a0 Tarde: 20 h.<br \/><u>Domingos y festivos<\/u><br \/>Ma\u00f1ana: 12 y 13 h. Tarde: 20 h.<\/p>\n<\/td>\n<td style=\"text-align: center;\" valign=\"top\">\u00a0<\/td>\n<td style=\"text-align: center;\" valign=\"top\" bgcolor=\"#DDDCDC\">\n<p align=\"center\"><strong><u>CONFESIONES<\/u><\/strong><\/p>\n<p align=\"center\">Media hora antes de cada Misa.<\/p>\n<\/td>\n<\/tr>\n<tr>\n<td style=\"text-align: center;\" valign=\"top\">\u00a0<\/td>\n<td style=\"text-align: center;\" valign=\"top\"><strong><u>BAUTISMOS<\/u><\/strong>\n<p>1\u00ba S\u00e1bado a las 12 h.<br \/>2\u00ba Domingo (Invierno 17,30 h. y Verano 18,30 h.)<br \/>3\u00ba S\u00e1bado (Invierno 17,30 h. y Verano 18,30 h.)<\/p>\n<\/td>\n<\/tr>\n<tr>\n<td style=\"text-align: center;\" valign=\"top\">\u00a0<\/td>\n<td style=\"text-align: center;\" valign=\"top\" bgcolor=\"#DDDCDC\"><strong><u>MATRIMONIOS<\/u><\/strong>\n<p><span style=\"text-align: center;\">Viernes (Invierno a\u00a0 las 17 h. y Verano a las 18 h.)<br \/>S\u00e1bado: Ma\u00f1ana: 12 \u00f3 13 h.<br \/>Tarde: Invierno a las 17 h. &#8211; Verano a las 18 h.<\/span><\/p>\n<\/td>\n<\/tr>\n<tr>\n<td style=\"text-align: center;\" valign=\"top\"><strong><u>REZO DEL SANTO ROSARIO<\/u><\/strong>\n<p>10,30 h. y 18,30 h. (19,30 h. en Verano)<\/p>\n<\/td>\n<td style=\"text-align: center;\" valign=\"top\">\u00a0<\/td>\n<td style=\"text-align: center;\" valign=\"top\"><strong><u>EXPOSICI\u00d3N DEL SANT\u00cdSIMO<\/u><\/strong>\n<p>Jueves de 18 a 19 h. (19 h 20h en verano)<\/p>\n<\/td>\n<\/tr>\n<tr>\n<td valign=\"top\" bgcolor=\"#DDDCDC\">\n<p align=\"center\"><strong><u>CARITAS PARROQUIAL<\/u><\/strong><\/p>\n<p align=\"center\">Acogida: jueves de 17,30 a 20 h. \u2013 Citaciones a las 17,30 h.<\/p>\n<\/td>\n<td valign=\"top\">\u00a0<\/td>\n<td style=\"color: #ffffff;\" valign=\"top\" bgcolor=\"#000000\">\n<p align=\"center\"><strong><u>DESPACHO PARROQUIAL<\/u><\/strong><\/p>\n<p align=\"center\">(Solicitud de Bautismos y Bodas, Certificados)<br \/>Mi\u00e9rcoles(18 a 19,00 h)\u00a0<br \/>(En Verano: Mi\u00e9rcoles de 19 a 20 h.)<\/p>\n<\/td>\n<\/tr>\n<tr>\n<td valign=\"top\">\n<p align=\"center\"><strong><u>CATEQUESIS<\/u><\/strong><\/p>\n<p align=\"center\"><u>*Primera Comuni\u00f3n<\/u><br \/>Domingo (1\u00ba\/2\u00ba\/3\u00ba) de 11h\u00a0 12h.<br \/><u>*Confirmaci\u00f3n<\/u><br \/>Domingos a las 11 h.<br \/><u>*PostConfirmaci\u00f3n<\/u><br \/>\u00a0 \u00a0 \u00a0 \u00a0 \u00a0Domingos a las 13 h.\u00a0 \u00a0 \u00a0 \u00a0 \u00a0 \u00a0 \u00a0 \u00a0*<span style=\"text-decoration: underline;\">Catequesis adultos (padres)<\/span><br \/>Domingos a las 11h<\/p>\n<p align=\"center\">\u00a0 <u>*Prebautismal <\/u>(padres y padrinos)<br \/>1\u00ba Viernes de mes a las 19,30 h.<br \/><u>\u00a0 *.*Prematrimonial:<br \/>10 a 14 de febrero (19.30-21h)<\/u><\/p>\n<\/td>\n<td valign=\"top\">\u00a0<\/td>\n<td valign=\"top\">\n<p align=\"center\"><strong><u>ACTIVIDADES C\u00c1RITAS<\/u><\/strong><\/p>\n<p align=\"center\"><u>*Apoyo Escolar a Ni\u00f1os:<\/u><br \/>De lunes a jueves, de 18 a 19 h.<\/p>\n<p align=\"center\"><u>*Encuentro de Mayores:<\/u><br \/>Mi\u00e9rcoles a las 17.30h<br \/><u>*Ingl\u00e9s: <\/u>Jueves 18 h.<\/p>\n<p align=\"center\">\u00a0<\/p>\n<\/td>\n<\/tr>\n<tr>\n<td valign=\"top\" bgcolor=\"#DDDCDC\">\u00a0<\/td>\n<td valign=\"top\">\u00a0<\/td>\n<td valign=\"top\" bgcolor=\"#DDDCDC\">\u00a0<\/td>\n<\/tr>\n<tr>\n<td valign=\"top\">\u00a0<\/td>\n<td valign=\"top\">\u00a0<\/td>\n<td valign=\"top\">\u00a0<\/td>\n<\/tr>\n<tr>\n<td style=\"text-align: center;\" colspan=\"3\" valign=\"top\">\n<p align=\"center\"><strong><u>GRUPOS PARROQUIALES<\/u><\/strong><\/p>\n<\/td>\n<\/tr>\n<tr>\n<td style=\"text-align: center;\" valign=\"top\">\n<p>\u00a0 \u00a0 \u00a0\u00a0<u style=\"font-size: inherit; font-family: inherit; font-weight: inherit;\">* <\/u><u style=\"font-size: inherit; font-family: inherit; font-weight: inherit;\">Grupo J\u00f3venes \u201cVida Nueva\u201d: <\/u>Viernes de 19 a 21 h.<\/p>\n<p><u>*Legi\u00f3n de Mar\u00eda:<\/u> Jueves\u00a0 a las 19 h.<\/p>\n<p><u>*Renovaci\u00f3n Carism\u00e1tica: <\/u>Mi\u00e9rcoles de 19 a 21 h.<\/p>\n<p>*<u>Vida Ascendente:<\/u> Viernes a las 17.30h\u00a0<\/p>\n<p>*<u>Pastoral de la Salud:<\/u>\u00a0<\/p>\n<p>\u00a0<\/p>\n<\/td>\n<td style=\"text-align: center;\" valign=\"top\">\u00a0<\/td>\n<td style=\"text-align: center;\" valign=\"top\">\n<p><u>*Adoraci\u00f3n Nocturna Espa\u00f1ola: 3\u00ba S\u00e1bado de mes a las 21 h.<\/u><\/p>\n<p><u>*Coral<\/u>: S\u00e1bado ensayo 17,30h (19h. misa) y Domingo ensayo 12 h.\u00a0 (13h. misa)<\/p>\n<p>*<u>Hermandad Cristo y V. Dolores:<\/u>1\u00ba Viernes mes<\/p>\n<p>\u00a0<\/p>\n<\/td>\n<\/tr>\n<\/tbody>\n<\/table>\n<h5 style=\"text-align: center;\">\u00a0<\/h5>\n\n\n<p><\/p>\n","protected":false},"excerpt":{"rendered":"<p>HORARIO DE MISAS INVIERNO (D\u00eda 16 de Septiembre al 30 de\u00a0 Junio)Laborables: Ma\u00f1ana: 11 h. Tarde:\u00a0\u00a0\u00a0 19 h.S\u00e1bados y V\u00edsperas de Fiestas:Ma\u00f1ana: 11 h. \u00a0\u00a0\u00a0\u00a0\u00a0 Tarde:\u00a0\u00a0\u00a0 19h.Domingos y festivos:Ma\u00f1ana: 10, 11, 12, 13 h. Tarde: 19hFunerales:\u00a0 (Se solicitan en la Sacrist\u00eda)VERANO (Desde el 1 de Julio hasta el 15 de\u2026<\/p>\n<p> <a class=\"continue-reading-link\" href=\"https:\/\/concepcionpn.archimadrid.es\/?page_id=93\"><span>Leer m\u00e1s<\/span><i class=\"crycon-right-dir\"><\/i><\/a> <\/p>\n","protected":false},"author":1,"featured_media":0,"parent":0,"menu_order":0,"comment_status":"closed","ping_status":"closed","template":"","meta":[],"_links":{"self":[{"href":"https:\/\/concepcionpn.archimadrid.es\/index.php?rest_route=\/wp\/v2\/pages\/93"}],"collection":[{"href":"https:\/\/concepcionpn.archimadrid.es\/index.php?rest_route=\/wp\/v2\/pages"}],"about":[{"href":"https:\/\/concepcionpn.archimadrid.es\/index.php?rest_route=\/wp\/v2\/types\/page"}],"author":[{"embeddable":true,"href":"https:\/\/concepcionpn.archimadrid.es\/index.php?rest_route=\/wp\/v2\/users\/1"}],"replies":[{"embeddable":true,"href":"https:\/\/concepcionpn.archimadrid.es\/index.php?rest_route=%2Fwp%2Fv2%2Fcomments&post=93"}],"version-history":[{"count":15,"href":"https:\/\/concepcionpn.archimadrid.es\/index.php?rest_route=\/wp\/v2\/pages\/93\/revisions"}],"predecessor-version":[{"id":169,"href":"https:\/\/concepcionpn.archimadrid.es\/index.php?rest_route=\/wp\/v2\/pages\/93\/revisions\/169"}],"wp:attachment":[{"href":"https:\/\/concepcionpn.archimadrid.es\/index.php?rest_route=%2Fwp%2Fv2%2Fmedia&parent=93"}],"curies":[{"name":"wp","href":"https:\/\/api.w.org\/{rel}","templated":true}]}}